{"id":670,"date":"2024-05-15T10:01:58","date_gmt":"2024-05-15T10:01:58","guid":{"rendered":"https:\/\/akteon.es\/avis-legal\/"},"modified":"2024-07-31T11:26:00","modified_gmt":"2024-07-31T11:26:00","slug":"avis-legal","status":"publish","type":"page","link":"https:\/\/akteon.es\/ca\/avis-legal\/","title":{"rendered":"Av\u00eds legal"},"content":{"rendered":"<div class=\"wpb-content-wrapper\">[vc_row][vc_column width=&#8221;1\/6&#8243;][\/vc_column][vc_column width=&#8221;2\/3&#8243;][vc_column_text]\n<div class=\"elementor-element elementor-element-d21ba77 elementor-widget elementor-widget-heading\" data-id=\"d21ba77\" data-element_type=\"widget\" data-widget_type=\"heading.default\">\n<div class=\"elementor-widget-container\">\n<h3 class=\"elementor-heading-title elementor-size-default\">OBJECTE<\/h3>\n<\/div>\n<\/div>\n<div class=\"elementor-element elementor-element-40fa623 elementor-widget elementor-widget-text-editor\" data-id=\"40fa623\" data-element_type=\"widget\" data-widget_type=\"text-editor.default\">\n<div class=\"elementor-widget-container\"> Aquest Av\u00eds Legal regula l&#8217;\u00fas del lloc web WWW.AKTEON.ES (d&#8217;ara endavant, LA WEB), del qual \u00e9s titular FINANESTUDI SANT PERE, SL (d&#8217;ara endavant, EL TITULAR DEL WEB) amb qu\u00e8 pretenem donar compliment a les obligacions que disposa la Llei 34\/2002, de Serveis de la Societat de la Informaci\u00f3 i del Comer\u00e7 Electr\u00f2nic (LSSICE o LSSI), aix\u00ed com informar tots els usuaris del lloc web respecte de quines s\u00f3n les condicions d\u00fas del lloc web. Per tal de donar compliment a l&#8217;article 10 de la Llei 34\/2002 de Serveis de la Societat de la Informaci\u00f3 i del Comer\u00e7 Electr\u00f2nic, informem els usuaris de les nostres dades: <b>Nom o Denominaci\u00f3 Social:<\/b> FINANESTUDI SANT PERE, SL <b>NIF:<\/b> B64306111 <b>Resid\u00e8ncia o domicili social:<\/b> AVDA. MERIDIANA, 354, 08027, BARCELONA (BARCELONA) <b>Correu electr\u00f2nic:<\/b> akteon@akteon.es <b>Tel\u00e8fon:<\/b> 937069034 <b>Dades Registrals:<\/b> Aquesta societat consta inscrita al Registre Mercantil de Barcelona, Tom 38889, foli 69, full B 3308 <b>Dades de l&#8217;autoritzaci\u00f3 administrativa: Codis de conducta adherits:<\/b> La navegaci\u00f3 pel lloc web d&#8217;EL TITULAR DEL WEB atribueix la condici\u00f3 d&#8217;USUARI i implica l&#8217;acceptaci\u00f3 plena i sense reserves de totes i cadascuna de les disposicions incloses en aquest Av\u00eds Legal, que poden patir modificacions. L&#8217;usuari s&#8217;obliga a fer un \u00fas correcte del lloc web de conformitat amb les lleis, la bona fe, l&#8217;ordre p\u00fablic, els usos del tr\u00e0nsit i aquest Av\u00eds Legal. L&#8217;usuari respondr\u00e0 davant del TITULAR DEL WEB o davant de tercers, de qualssevol danys i perjudicis que es puguin causar com a conseq\u00fc\u00e8ncia de l&#8217;incompliment d&#8217;aquesta obligaci\u00f3. Totes les notificacions i comunicacions entre els usuaris i EL TITULAR DEL WEB es consideraran eficaces, amb car\u00e0cter general, quan es realitzin a trav\u00e9s de correu postal o qualsevol altre mitj\u00e0 dels detallats anteriorment.<\/div>\n<\/div>\n<div class=\"elementor-element elementor-element-5346496 elementor-widget-divider--view-line elementor-widget elementor-widget-divider\" data-id=\"5346496\" data-element_type=\"widget\" data-widget_type=\"divider.default\">\n<div class=\"elementor-widget-container\">\n<div class=\"elementor-divider\"><\/div>\n<\/div>\n<\/div>\n<div class=\"elementor-element elementor-element-33d7bf5 elementor-widget elementor-widget-heading\" data-id=\"33d7bf5\" data-element_type=\"widget\" data-widget_type=\"heading.default\">\n<div class=\"elementor-widget-container\">\n<h3 class=\"elementor-heading-title elementor-size-default\"> CONDICIONS I OBLIGACIONS D&#8217;ACC\u00c9S I UTILITZACI\u00d3<\/h3>\n<\/div>\n<\/div>\n<div class=\"elementor-element elementor-element-8689d73 elementor-widget elementor-widget-text-editor\" data-id=\"8689d73\" data-element_type=\"widget\" data-widget_type=\"text-editor.default\">\n<div class=\"elementor-widget-container\"> El lloc web i els seus serveis s\u00f3n d&#8217;acc\u00e9s lliure i gratu\u00eft, no obstant, EL TITULAR DEL WEB condiciona la utilitzaci\u00f3 d&#8217;alguns dels serveis oferts a la seva web a l&#8217;emplenament previ del corresponent formulari. L&#8217;usuari garanteix l&#8217;autenticitat i l&#8217;actualitat de totes aquelles dades que comuniqui a EL TITULAR DEL WEB i ser\u00e0 l&#8217;\u00fanic responsable de les manifestacions falses o inexactes que faci. L&#8217;usuari es compromet expressament a fer un \u00fas adequat dels continguts i serveis de EL TITULAR DE LA WEB ia no emprar-los per, entre d&#8217;altres:<\/div>\n<\/div>\n<div class=\"elementor-element elementor-element-b0bbe1b elementor-icon-list--layout-traditional elementor-list-item-link-full_width elementor-widget elementor-widget-icon-list\" data-id=\"b0bbe1b\" data-element_type=\"widget\" data-widget_type=\"icon-list.default\">\n<div class=\"elementor-widget-container\">\n<ul class=\"elementor-icon-list-items\">\n<li class=\"elementor-icon-list-item\"> <span class=\"elementor-icon-list-text\">Difondre continguts, delictius, violents, pornogr\u00e0fics, racistes, xen\u00f2fob, ofensius, d&#8217;apologia del terrorisme o, en general, contraris a la llei o ordre p\u00fablic.<\/span><\/li>\n<li class=\"elementor-icon-list-item\"> <span class=\"elementor-icon-list-text\">Introduir a la xarxa virus inform\u00e0tics o realitzar actuacions susceptibles d&#8217;alterar, fer malb\u00e9, interrompre o generar errors o danys en els documents electr\u00f2nics, dades o sistemes f\u00edsics i l\u00f2gics del TITULAR DEL WEB o de terceres persones; aix\u00ed com obstaculitzar lacc\u00e9s daltres usuaris al lloc web i als seus serveis mitjan\u00e7ant el consum massiu dels recursos inform\u00e0tics a trav\u00e9s dels quals EL TITULAR DEL WEB presta els seus serveis.<\/span><\/li>\n<li class=\"elementor-icon-list-item\"> <span class=\"elementor-icon-list-text\">Intentar accedir als comptes de correu electr\u00f2nic d&#8217;altres usuaris o \u00e0rees restringides dels sistemes inform\u00e0tics de EL TITULAR DEL WEB o de tercers i, si escau, extreure&#8217;n informaci\u00f3.<\/span><\/li>\n<li class=\"elementor-icon-list-item\"> <span class=\"elementor-icon-list-text\">Vulnerar els drets de propietat intel\u00b7lectual o industrial, aix\u00ed com violar la confidencialitat de la informaci\u00f3 del TITULAR DE LA WEB o de tercers.<\/span><\/li>\n<li class=\"elementor-icon-list-item\"> <span class=\"elementor-icon-list-text\">Suplantar la identitat d&#8217;un altre usuari, de les administracions p\u00fabliques o d&#8217;un tercer.<\/span><\/li>\n<li class=\"elementor-icon-list-item\"> <span class=\"elementor-icon-list-text\">Reproduir, copiar, distribuir, posar a disposici\u00f3 o de qualsevol altra manera comunicar p\u00fablicament, transformar o modificar els continguts, llevat que es compti amb lautoritzaci\u00f3 del titular dels corresponents drets o aix\u00f2 resulti legalment perm\u00e8s.<\/span><\/li>\n<li class=\"elementor-icon-list-item\"> <span class=\"elementor-icon-list-text\">Demanar dades amb finalitat publicit\u00e0ria i de remetre publicitat de qualsevol classe i comunicacions amb finalitats de venda o altres de naturalesa comercial sense que intervingui la seva pr\u00e8via sol\u00b7licitud o consentiment.<\/span><\/li>\n<li class=\"elementor-icon-list-item\"> <span class=\"elementor-icon-list-text\">Possibilitat de reclamar davant l&#8217;Autoritat de Control: FINANESTUDI SANT PERE, SL us informa igualment del dret que us assisteix de presentar una reclamaci\u00f3 davant l&#8217;Ag\u00e8ncia Espanyola de Protecci\u00f3 de Dades (www.agpd.es) si considera que el tractament no s&#8217;ajusta a la normativa vigent.<\/span><\/li>\n<\/ul>\n<\/div>\n<\/div>\n<div class=\"elementor-element elementor-element-4ec2ebf elementor-widget elementor-widget-text-editor\" data-id=\"4ec2ebf\" data-element_type=\"widget\" data-widget_type=\"text-editor.default\">\n<div class=\"elementor-widget-container\"> Tots els continguts del lloc web, com ara textos, fotografies, gr\u00e0fics, imatges, icones, tecnologia, programari, aix\u00ed com el seu disseny gr\u00e0fic i codis font, constitueixen una obra la propietat de la qual pertany a EL TITULAR DE LA WEB, sense que es puguin entendre cedits al usuari cap dels drets dexplotaci\u00f3 sobre els mateixos m\u00e9s enll\u00e0 del estrictament necessari per al correcte \u00fas de la web. En definitiva, els usuaris que accedeixin a aquest lloc web poden visualitzar els continguts i efectuar, si escau, c\u00f2pies privades autoritzades sempre que els elements reprodu\u00efts no siguin cedits posteriorment a tercers, ni s&#8217;instal\u00b7lin a servidors connectats a xarxes, ni siguin objecte de cap mena d&#8217;explotaci\u00f3. En qualsevol cas, EL TITULAR DE LA WEB no ser\u00e0 responsable de les opinions abocades pels usuaris a trav\u00e9s del bloc o altres eines de participaci\u00f3 que es puguin crear, d&#8217;acord amb el que preveu la normativa aplicable. Aix\u00ed mateix, totes les marques, noms comercials o signes distintius de qualsevol classe que apareixen al lloc web s\u00f3n propietat de EL TITULAR DE LA WEB, sense que es pugui entendre que l&#8217;\u00fas o acc\u00e9s a aquest atribueixi a l&#8217;usuari cap dret sobre aquests. Tots els continguts que apareguin en aquest lloc web s\u00f3n propietat del TITULAR DEL WEB o de tercers que ens n&#8217;han autoritzat pr\u00e8viament l&#8217;\u00fas. Per tant, no s&#8217;entendr\u00e0 de cap manera que l&#8217;\u00fas o l&#8217;acc\u00e9s a aquest atribueixi a l&#8217;usuari cap dret sobre aquests. La distribuci\u00f3, modificaci\u00f3, cessi\u00f3 o comunicaci\u00f3 p\u00fablica dels continguts i qualsevol altre acte que no hagi estat expressament autoritzat pel titular dels drets dexplotaci\u00f3 queden prohibits. L&#8217;establiment d&#8217;un hiperenlla\u00e7 no implica en cap cas l&#8217;exist\u00e8ncia de relacions entre EL TITULAR DEL WEB i el propietari del lloc web on s&#8217;estableixi, ni l&#8217;acceptaci\u00f3 i l&#8217;aprovaci\u00f3 per part del TITULAR DEL WEB dels seus continguts o serveis . Aquelles persones que es proposin establir un hiperenlla\u00e7 pr\u00e8viament hauran de sol\u00b7licitar autoritzaci\u00f3 per escrit al TITULAR DE LA WEB. En tot cas, l&#8217;hiperenlla\u00e7 \u00fanicament permetr\u00e0 l&#8217;acc\u00e9s a la p\u00e0gina web o p\u00e0gina d&#8217;inici del nostre lloc web, aix\u00ed mateix s&#8217;haur\u00e0 d&#8217;abstenir de fer manifestacions o indicacions falses, inexactes o incorrectes sobre EL TITULAR DEL WEB, o incloure continguts il\u00b7l\u00edcits, contraris als bons costums ia l&#8217;ordre p\u00fablic. EL TITULAR DEL WEB no es responsabilitza de l&#8217;\u00fas que cada usuari doni als materials posats a disposici\u00f3 en aquest lloc web ni de les actuacions que realitzi sobre la base d&#8217;aquests. L&#8217;usuari s&#8217;obliga, en aquells casos que se li demanin dades o informaci\u00f3, a no falsejar la seva identitat fent-se passar per qualsevol altra persona.<\/div>\n<\/div>\n<div class=\"elementor-element elementor-element-0816c77 elementor-widget-divider--view-line elementor-widget elementor-widget-divider\" data-id=\"0816c77\" data-element_type=\"widget\" data-widget_type=\"divider.default\">\n<div class=\"elementor-widget-container\">\n<div class=\"elementor-divider\"><\/div>\n<\/div>\n<\/div>\n<div class=\"elementor-element elementor-element-d9d42ea elementor-widget elementor-widget-heading\" data-id=\"d9d42ea\" data-element_type=\"widget\" data-widget_type=\"heading.default\">\n<div class=\"elementor-widget-container\">\n<h3 class=\"elementor-heading-title elementor-size-default\"> PROPIETAT INDUSTRIAL I INTEL\u00b7LECTUAL<\/h3>\n<\/div>\n<\/div>\n<div class=\"elementor-element elementor-element-c776482 elementor-widget elementor-widget-text-editor\" data-id=\"c776482\" data-element_type=\"widget\" data-widget_type=\"text-editor.default\">\n<div class=\"elementor-widget-container\"> Vost\u00e8 reconeix i consenteix que tot copyright, marca registrada i altres drets de propietat industrial i intel\u00b7lectual sobre els materials o continguts que s&#8217;aporten com a part de la p\u00e0gina web ens corresponen en tot moment a nosaltres o als qui ens van atorgar llic\u00e8ncia per al seu \u00fas. Vost\u00e8 podr\u00e0 fer \u00fas d&#8217;aquest material \u00fanicament en la manera com els autoritzem expressament nosaltres o els qui ens van atorgar llic\u00e8ncia per al seu \u00fas. Aix\u00f2 no us impedir\u00e0 utilitzar aquesta p\u00e0gina web en la mesura necess\u00e0ria per copiar la informaci\u00f3 sobre la vostra comanda o dades de Contacte. En virtut del que disposen els articles 8 i 32.1, par\u00e0graf segon, de la Llei de propietat intel\u00b7lectual, queden expressament prohibides la reproducci\u00f3, la distribuci\u00f3 i la comunicaci\u00f3 p\u00fablica, inclosa la seva modalitat de posada a disposici\u00f3, de la totalitat o part dels continguts d&#8217;aquesta p\u00e0gina web, amb finalitats comercials, a qualsevol suport i per qualsevol mitj\u00e0 t\u00e8cnic, sense l&#8217;autoritzaci\u00f3 del TITULAR DE LA WEB.<\/div>\n<\/div>\n<div class=\"elementor-element elementor-element-48fa68a elementor-widget-divider--view-line elementor-widget elementor-widget-divider\" data-id=\"48fa68a\" data-element_type=\"widget\" data-widget_type=\"divider.default\">\n<div class=\"elementor-widget-container\">\n<div class=\"elementor-divider\"><\/div>\n<\/div>\n<\/div>\n<div class=\"elementor-element elementor-element-25c7b75 elementor-widget elementor-widget-heading\" data-id=\"25c7b75\" data-element_type=\"widget\" data-widget_type=\"heading.default\">\n<div class=\"elementor-widget-container\">\n<h3 class=\"elementor-heading-title elementor-size-default\"> LINKS, VIRUS I ALTRES Q\u00dcESTIONS INFORM\u00c0TIQUES<\/h3>\n<\/div>\n<\/div>\n<div class=\"elementor-element elementor-element-fc88552 elementor-widget elementor-widget-text-editor\" data-id=\"fc88552\" data-element_type=\"widget\" data-widget_type=\"text-editor.default\">\n<div class=\"elementor-widget-container\"> No heu de fer un \u00fas indegut d&#8217;aquesta p\u00e0gina web mitjan\u00e7ant la introducci\u00f3 intencionada en la mateixa de virus, troians, cucs, bombes l\u00f2giques o qualsevol altre programa o material tecnol\u00f2gicament perjudicial o nociu. No tractareu de tenir acc\u00e9s no autoritzat a aquesta p\u00e0gina web, al servidor en qu\u00e8 aquesta p\u00e0gina es troba allotjada oa qualsevol servidor, ordinador o base de dades relacionada amb la nostra p\u00e0gina web. Us comprometeu a no atacar aquesta p\u00e0gina web a trav\u00e9s d&#8217;un atac de denegaci\u00f3 de servei o d&#8217;un atac de denegaci\u00f3 de servei distribu\u00eft. L&#8217;incompliment d&#8217;aquesta cl\u00e0usula podria comportar la comissi\u00f3 d&#8217;infraccions tipificades per la normativa aplicable. Informarem de qualsevol incompliment de la normativa esmentada a les autoritats competents i cooperarem amb elles per descobrir la identitat de l&#8217;atacant. Aix\u00ed mateix, en cas d&#8217;incompliment de la present cl\u00e0usula, deixar\u00e0 immediatament estar autoritzat a utilitzar aquesta p\u00e0gina web. No serem responsables de qualsevol dany o p\u00e8rdua resultant d&#8217;un atac de denegaci\u00f3 de servei, virus o qualsevol altre programa o material tecnol\u00f2gicament perjudicial o perjudicial que pugui afectar el vostre ordinador, equip inform\u00e0tic, dades o materials com a conseq\u00fc\u00e8ncia de l&#8217;\u00fas d&#8217;aquesta p\u00e0gina web o de la desc\u00e0rrega de continguts de la mateixa o als que aquesta redireccioni. En el cas que la nostra p\u00e0gina web contingui links a altres p\u00e0gines web i materials de tercers, aquests links es faciliten \u00fanicament a efectes informatius, sense que nosaltres tinguem cap control sobre el contingut d&#8217;aquestes p\u00e0gines web o materials. Per tant, no acceptem cap responsabilitat per qualsevol dany o p\u00e8rdua derivats del seu \u00fas.<\/div>\n<\/div>\n<div class=\"elementor-element elementor-element-3907d3c elementor-widget-divider--view-line elementor-widget elementor-widget-divider\" data-id=\"3907d3c\" data-element_type=\"widget\" data-widget_type=\"divider.default\">\n<div class=\"elementor-widget-container\">\n<div class=\"elementor-divider\"><\/div>\n<\/div>\n<\/div>\n<div class=\"elementor-element elementor-element-1406f5a elementor-widget elementor-widget-heading\" data-id=\"1406f5a\" data-element_type=\"widget\" data-widget_type=\"heading.default\">\n<div class=\"elementor-widget-container\">\n<h3 class=\"elementor-heading-title elementor-size-default\"> EXCLUSI\u00d3 DE GARANTIES I DE RESPONSABILITAT<\/h3>\n<\/div>\n<\/div>\n<div class=\"elementor-element elementor-element-943edb7 elementor-widget elementor-widget-text-editor\" data-id=\"943edb7\" data-element_type=\"widget\" data-widget_type=\"text-editor.default\">\n<div class=\"elementor-widget-container\"> El contingut del present lloc web \u00e9s de car\u00e0cter general i t\u00e9 una finalitat merament informativa, sense que se&#8217;n garanteixi plenament l&#8217;acc\u00e9s a tots els continguts, ni la seva exhaustivitat, correcci\u00f3, vig\u00e8ncia o actualitat, ni la seva idone\u00eftat o utilitat per a un objectiu espec\u00edfic. EL TITULAR DEL WEB exclou, fins on permet l&#8217;ordenament jur\u00eddic, qualsevol responsabilitat pels danys i perjudicis de tota naturalesa derivats de:<\/div>\n<\/div>\n<div class=\"elementor-element elementor-element-470cb58 elementor-icon-list--layout-traditional elementor-list-item-link-full_width elementor-widget elementor-widget-icon-list\" data-id=\"470cb58\" data-element_type=\"widget\" data-widget_type=\"icon-list.default\">\n<div class=\"elementor-widget-container\">\n<ul class=\"elementor-icon-list-items\">\n<li class=\"elementor-icon-list-item\"> <span class=\"elementor-icon-list-text\">La impossibilitat d&#8217;acc\u00e9s al lloc web o la manca de veracitat, exactitud, exhaustivitat i\/o actualitat dels continguts, aix\u00ed com l&#8217;exist\u00e8ncia de vicis i defectes de tota mena dels continguts transmesos, difosos, emmagatzemats, posats a disposici\u00f3 als que s&#8217;hagi accedit a trav\u00e9s del lloc web o dels serveis que s&#8217;hi ofereixen.<\/span><\/li>\n<li class=\"elementor-icon-list-item\"> <span class=\"elementor-icon-list-text\">La pres\u00e8ncia de virus o altres elements en els continguts que puguin produir alteracions en els sistemes inform\u00e0tics, documents electr\u00f2nics o dades dels usuaris.<\/span><\/li>\n<li class=\"elementor-icon-list-item\"> <span class=\"elementor-icon-list-text\">L&#8217;incompliment de les lleis, la bona fe, l&#8217;ordre p\u00fablic, els usos del tr\u00e0nsit i aquest av\u00eds legal com a conseq\u00fc\u00e8ncia de l&#8217;\u00fas incorrecte del lloc web. En particular, ia manera exemplificativa, EL TITULAR DEL WEB no es fa responsable de les actuacions de tercers que vulnerin drets de propietat intel\u00b7lectual i industrial, secrets empresarials, drets a l&#8217;honor, a la intimitat personal i familiar ia la pr\u00f2pia imatge, aix\u00ed com la normativa en mat\u00e8ria de compet\u00e8ncia deslleial i publicitat il\u00b7l\u00edcita.<\/span><\/li>\n<\/ul>\n<\/div>\n<\/div>\n<div class=\"elementor-element elementor-element-29c47c0 elementor-widget elementor-widget-text-editor\" data-id=\"29c47c0\" data-element_type=\"widget\" data-widget_type=\"text-editor.default\">\n<div class=\"elementor-widget-container\"> Aix\u00ed mateix, EL TITULAR DE LA WEB declina qualsevol responsabilitat respecte a la informaci\u00f3 que estigui fora d&#8217;aquesta web i no sigui gestionada directament pel TITULAR DE LA WEB. La funci\u00f3 dels links que apareixen en aquesta web \u00e9s exclusivament informar l&#8217;usuari sobre l&#8217;exist\u00e8ncia d&#8217;altres fonts susceptibles d&#8217;ampliar els continguts que ofereix aquest lloc web. EL TITULAR DEL WEB no garanteix ni es responsabilitza del funcionament o accessibilitat dels llocs enlla\u00e7ats; ni suggereix, convida o recomana la visita a aquests, per la qual cosa tampoc ser\u00e0 responsable del resultat obtingut. EL TITULAR DEL WEB no es responsabilitza de l&#8217;establiment d&#8217;hipervincles per part de tercers. EL TITULAR DEL WEB no garanteix la disponibilitat cont\u00ednua i permanent dels serveis, quedant aix\u00ed exonerat de qualsevol responsabilitat per possibles danys i perjudicis causats com a conseq\u00fc\u00e8ncia de la manca de disponibilitat del servei per motius de for\u00e7a major o errors a les xarxes telem\u00e0tiques de transfer\u00e8ncia de dades, aliens a la seva voluntat, o per desconnexions realitzades per feines de millora o manteniment dels equips i sistemes inform\u00e0tics. En aquests casos, EL TITULAR DE LA WEB far\u00e0 els millors esfor\u00e7os per avisar amb una antelaci\u00f3 de 24 hores a la interrupci\u00f3. EL TITULAR DEL WEB no ser\u00e0 responsable per la interrupci\u00f3, suspensi\u00f3 o finalitzaci\u00f3 de la informaci\u00f3 o serveis. Aix\u00ed mateix, no es responsabilitza de les possibles omissions, p\u00e8rdues dinformaci\u00f3, dades, configuracions, accessos indeguts o vulneraci\u00f3 de la confidencialitat que tinguin origen en problemes t\u00e8cnics, de comunicacions o omissions humanes, causades per tercers o no imputables al TITULAR DEL WEB . Tampoc respondr\u00e0 dels danys produ\u00efts per atacs inform\u00e0tics o causats per virus que afectin programes inform\u00e0tics, sistemes de comunicacions o equips utilitzats pel TITULAR DE LA WEB per\u00f2 fabricats o facilitats per un tercer. EL TITULAR DEL WEB podr\u00e0, a la seva sola discreci\u00f3, denegar, retirar, suspendre i\/o bloquejar en qualsevol moment i sense necessitat de previ av\u00eds l&#8217;acc\u00e9s a la informaci\u00f3 i serveis a aquells usuaris que incompleixin aquestes normes. Exceptuant els casos que la llei imposi expressament el contrari, i exclusivament amb la mesura i extensi\u00f3 en qu\u00e8 ho imposi, l&#8217;aplicaci\u00f3 no garanteix ni assumeix cap responsabilitat respecte als possibles danys i perjudicis causats per l&#8217;\u00fas i la utilitzaci\u00f3 de la informaci\u00f3, dades i serveis del TITULAR DEL WEB. En tot cas, EL TITULAR DEL WEB exclou qualsevol responsabilitat pels danys i perjudicis que es puguin deure a la informaci\u00f3 i\/o serveis prestats o subministrats per tercers diferents de l&#8217;Empresa. Tota la responsabilitat ser\u00e0 del tercer ja sigui prove\u00efdor, col\u00b7laborador o altre.<\/div>\n<\/div>\n<div class=\"elementor-element elementor-element-d24d3c0 elementor-widget-divider--view-line elementor-widget elementor-widget-divider\" data-id=\"d24d3c0\" data-element_type=\"widget\" data-widget_type=\"divider.default\">\n<div class=\"elementor-widget-container\">\n<div class=\"elementor-divider\"><\/div>\n<\/div>\n<\/div>\n<div class=\"elementor-element elementor-element-cdb6c2b elementor-widget elementor-widget-heading\" data-id=\"cdb6c2b\" data-element_type=\"widget\" data-widget_type=\"heading.default\">\n<div class=\"elementor-widget-container\">\n<h3 class=\"elementor-heading-title elementor-size-default\"> ALTRES CONDICIONS<\/h3>\n<\/div>\n<\/div>\n<div class=\"elementor-element elementor-element-55190c9 elementor-widget elementor-widget-text-editor\" data-id=\"55190c9\" data-element_type=\"widget\" data-widget_type=\"text-editor.default\">\n<div class=\"elementor-widget-container\"> <b>Nul\u00b7litat parcial<\/b> Si alguna de les presents Condicions o alguna disposici\u00f3 d&#8217;un contracte fos declarada nul\u00b7la i sense efecte per resoluci\u00f3 ferma dictada per autoritat competent, els restants termes i condicions romandran en vigor, sense que quedin afectats per aquesta declaraci\u00f3 de nul\u00b7litat. <b>Acord<\/b> Les presents Condicions i tot document a qu\u00e8 es faci refer\u00e8ncia expressa en aquestes constitueixen l&#8217;acord \u00edntegre existent entre vost\u00e8 i nosaltres en relaci\u00f3 amb l&#8217;objecte de les mateixes i substitueixen qualsevol altre pacte, acord o promesa anterior convinguda entre vost\u00e8 i nosaltres verbalment o per escrit. Vost\u00e8 i nosaltres reconeixem haver consentit la celebraci\u00f3 d&#8217;un contracte sense haver confiat en cap declaraci\u00f3 o promesa feta per l&#8217;altra banda o que pogu\u00e9s inferir-se de qualsevol declaraci\u00f3 o escrit en les negociacions entaulades per tots dos abans, llevat del que figura expressament esmentat a les presents Condicions. Ni vost\u00e8 ni nosaltres disposarem d&#8217;acci\u00f3 davant de qualsevol declaraci\u00f3 incerta realitzada per l&#8217;altra part, verbal o escrita, abans de la data d&#8217;un contracte (llevat que s&#8217;hagu\u00e9s fet aquesta declaraci\u00f3 incerta de forma fraudulenta) i l&#8217;\u00fanica acci\u00f3 de qu\u00e8 disposar\u00e0 l&#8217;altra part ser\u00e0 per incompliment de contracte de conformitat amb el que disposen aquestes Condicions. Ens reservem la facultat de modificar els Termes i Condicions. Les modificacions introdu\u00efdes no tenen car\u00e0cter retroactiu. Si no esteu d&#8217;acord amb les modificacions introdu\u00efdes, us recomanem no fer \u00fas de la nostra p\u00e0gina web. <b>Legislaci\u00f3 aplicable i jurisdicci\u00f3<\/b> L&#8217;\u00fas de la nostra p\u00e0gina web i els contractes de compra de productes mitjan\u00e7ant aquesta p\u00e0gina web es regiran per la legislaci\u00f3 espanyola. Qualsevol controv\u00e8rsia que sorgeixi o tingui relaci\u00f3 amb l&#8217;\u00fas de la p\u00e0gina web o amb aquests contractes ser\u00e0 sotmesa a la jurisdicci\u00f3 no exclusiva dels jutjats i tribunals espanyols. Si vost\u00e8 est\u00e0 contractant com a consumidor, res en aquesta cl\u00e0usula afectar\u00e0 els drets que com a tal li reconeix la legislaci\u00f3 vigent. Suggeriments i reclamacions Les vostres queixes i reclamacions davant del nostre servei d&#8217;atenci\u00f3 al client seran ateses en el termini m\u00e9s breu possible i, en tot cas, en el termini legalment establert. Si com a consumidor considereu que els vostres drets han estat vulnerats, podeu adre\u00e7ar-nos les vostres queixes a trav\u00e9s de l&#8217;adre\u00e7a de correu electr\u00f2nic akteon@akteon.es per tal de sol\u00b7licitar una soluci\u00f3 extrajudicial de controv\u00e8rsies. En el cas que qualsevol usuari o un tercer consideri que hi ha fets o circumst\u00e0ncies que revelin el car\u00e0cter il\u00b7l\u00edcit de la utilitzaci\u00f3 de qualsevol contingut i\/o de la realitzaci\u00f3 de qualsevol activitat a les p\u00e0gines web incloses o accessibles a trav\u00e9s del lloc web, haur\u00e0 de enviar una notificaci\u00f3 a EL TITULAR DEL WEB identificant-se degudament, especificant les suposades infraccions i declarant expressament i sota la seva responsabilitat que la informaci\u00f3 proporcionada a la notificaci\u00f3 \u00e9s exacta. Per a qualsevol q\u00fcesti\u00f3 litigiosa que incumbeixi al lloc web d&#8217;EL TITULAR DEL WEB, ser\u00e0 aplicable la legislaci\u00f3 espanyola, i seran competents els jutjats i els tribunals d&#8217;Espanya.<\/div>\n<\/div>\n[\/vc_column_text][\/vc_column][vc_column width=&#8221;1\/6&#8243;][\/vc_column][\/vc_row]\n<\/div>","protected":false},"excerpt":{"rendered":"<p>[vc_row][vc_column width=&#8221;1\/6&#8243;][\/vc_column][vc_column width=&#8221;2\/3&#8243;][vc_column_text] OBJECTE Aquest Av\u00eds Legal regula l&#8217;\u00fas del lloc web WWW.AKTEON.ES (d&#8217;ara endavant, LA WEB), del qual \u00e9s titular FINANESTUDI SANT PERE, SL (d&#8217;ara endavant, EL TITULAR DEL WEB) amb qu\u00e8 pretenem donar compliment a les obligacions que disposa la Llei 34\/2002, de Serveis de la Societat de la Informaci\u00f3 i del Comer\u00e7&hellip;<\/p>\n","protected":false},"author":1,"featured_media":0,"parent":0,"menu_order":0,"comment_status":"closed","ping_status":"closed","template":"","meta":{"_joinchat":[],"footnotes":""},"class_list":["post-670","page","type-page","status-publish","hentry","entry","no-media"],"yoast_head":"<!-- This site is optimized with the Yoast SEO plugin v27.1.1 - https:\/\/yoast.com\/product\/yoast-seo-wordpress\/ -->\n<title>Av\u00eds legal - \u00c0kteon<\/title>\n<meta name=\"robots\" content=\"index, follow, max-snippet:-1, max-image-preview:large, max-video-preview:-1\" \/>\n<link rel=\"canonical\" href=\"https:\/\/akteon.es\/aviso-legal-2\/\" \/>\n<meta property=\"og:locale\" content=\"ca_ES\" \/>\n<meta property=\"og:type\" content=\"article\" \/>\n<meta property=\"og:title\" content=\"Av\u00eds legal - \u00c0kteon\" \/>\n<meta property=\"og:description\" content=\"[vc_row][vc_column width=&#8221;1\/6&#8243;][\/vc_column][vc_column width=&#8221;2\/3&#8243;][vc_column_text] OBJECTE Aquest Av\u00eds Legal regula l&#8217;\u00fas del lloc web WWW.AKTEON.ES (d&#8217;ara endavant, LA WEB), del qual \u00e9s titular FINANESTUDI SANT PERE, SL (d&#8217;ara endavant, EL TITULAR DEL WEB) amb qu\u00e8 pretenem donar compliment a les obligacions que disposa la Llei 34\/2002, de Serveis de la Societat de la Informaci\u00f3 i del Comer\u00e7&hellip;\" \/>\n<meta property=\"og:url\" content=\"https:\/\/akteon.es\/aviso-legal-2\/\" \/>\n<meta property=\"og:site_name\" content=\"\u00c0kteon\" \/>\n<meta property=\"article:modified_time\" content=\"2024-07-31T11:26:00+00:00\" \/>\n<meta name=\"twitter:card\" content=\"summary_large_image\" \/>\n<meta name=\"twitter:label1\" content=\"Temps estimat de lectura\" \/>\n\t<meta name=\"twitter:data1\" content=\"14 minuts\" \/>\n<script type=\"application\/ld+json\" class=\"yoast-schema-graph\">{\"@context\":\"https:\/\/schema.org\",\"@graph\":[{\"@type\":\"WebPage\",\"@id\":\"https:\/\/akteon.es\/aviso-legal-2\/\",\"url\":\"https:\/\/akteon.es\/aviso-legal-2\/\",\"name\":\"Av\u00eds legal - \u00c0kteon\",\"isPartOf\":{\"@id\":\"https:\/\/akteon.es\/#website\"},\"datePublished\":\"2024-05-15T10:01:58+00:00\",\"dateModified\":\"2024-07-31T11:26:00+00:00\",\"breadcrumb\":{\"@id\":\"https:\/\/akteon.es\/aviso-legal-2\/#breadcrumb\"},\"inLanguage\":\"ca\",\"potentialAction\":[{\"@type\":\"ReadAction\",\"target\":[\"https:\/\/akteon.es\/aviso-legal-2\/\"]}]},{\"@type\":\"BreadcrumbList\",\"@id\":\"https:\/\/akteon.es\/aviso-legal-2\/#breadcrumb\",\"itemListElement\":[{\"@type\":\"ListItem\",\"position\":1,\"name\":\"Home\",\"item\":\"https:\/\/akteon.es\/ca\/\"},{\"@type\":\"ListItem\",\"position\":2,\"name\":\"Av\u00eds legal\"}]},{\"@type\":\"WebSite\",\"@id\":\"https:\/\/akteon.es\/#website\",\"url\":\"https:\/\/akteon.es\/\",\"name\":\"\u00c0kteon\",\"description\":\"Especialistes en hipoteques\",\"publisher\":{\"@id\":\"https:\/\/akteon.es\/#organization\"},\"potentialAction\":[{\"@type\":\"SearchAction\",\"target\":{\"@type\":\"EntryPoint\",\"urlTemplate\":\"https:\/\/akteon.es\/?s={search_term_string}\"},\"query-input\":{\"@type\":\"PropertyValueSpecification\",\"valueRequired\":true,\"valueName\":\"search_term_string\"}}],\"inLanguage\":\"ca\"},{\"@type\":\"Organization\",\"@id\":\"https:\/\/akteon.es\/#organization\",\"name\":\"\u00c0kteon\",\"url\":\"https:\/\/akteon.es\/\",\"logo\":{\"@type\":\"ImageObject\",\"inLanguage\":\"ca\",\"@id\":\"https:\/\/akteon.es\/#\/schema\/logo\/image\/\",\"url\":\"https:\/\/akteon.es\/wp-content\/uploads\/2026\/03\/Akteon_normal.svg\",\"contentUrl\":\"https:\/\/akteon.es\/wp-content\/uploads\/2026\/03\/Akteon_normal.svg\",\"caption\":\"\u00c0kteon\"},\"image\":{\"@id\":\"https:\/\/akteon.es\/#\/schema\/logo\/image\/\"}}]}<\/script>\n<!-- \/ Yoast SEO plugin. -->","yoast_head_json":{"title":"Av\u00eds legal - \u00c0kteon","robots":{"index":"index","follow":"follow","max-snippet":"max-snippet:-1","max-image-preview":"max-image-preview:large","max-video-preview":"max-video-preview:-1"},"canonical":"https:\/\/akteon.es\/aviso-legal-2\/","og_locale":"ca_ES","og_type":"article","og_title":"Av\u00eds legal - \u00c0kteon","og_description":"[vc_row][vc_column width=&#8221;1\/6&#8243;][\/vc_column][vc_column width=&#8221;2\/3&#8243;][vc_column_text] OBJECTE Aquest Av\u00eds Legal regula l&#8217;\u00fas del lloc web WWW.AKTEON.ES (d&#8217;ara endavant, LA WEB), del qual \u00e9s titular FINANESTUDI SANT PERE, SL (d&#8217;ara endavant, EL TITULAR DEL WEB) amb qu\u00e8 pretenem donar compliment a les obligacions que disposa la Llei 34\/2002, de Serveis de la Societat de la Informaci\u00f3 i del Comer\u00e7&hellip;","og_url":"https:\/\/akteon.es\/aviso-legal-2\/","og_site_name":"\u00c0kteon","article_modified_time":"2024-07-31T11:26:00+00:00","twitter_card":"summary_large_image","twitter_misc":{"Temps estimat de lectura":"14 minuts"},"schema":{"@context":"https:\/\/schema.org","@graph":[{"@type":"WebPage","@id":"https:\/\/akteon.es\/aviso-legal-2\/","url":"https:\/\/akteon.es\/aviso-legal-2\/","name":"Av\u00eds legal - \u00c0kteon","isPartOf":{"@id":"https:\/\/akteon.es\/#website"},"datePublished":"2024-05-15T10:01:58+00:00","dateModified":"2024-07-31T11:26:00+00:00","breadcrumb":{"@id":"https:\/\/akteon.es\/aviso-legal-2\/#breadcrumb"},"inLanguage":"ca","potentialAction":[{"@type":"ReadAction","target":["https:\/\/akteon.es\/aviso-legal-2\/"]}]},{"@type":"BreadcrumbList","@id":"https:\/\/akteon.es\/aviso-legal-2\/#breadcrumb","itemListElement":[{"@type":"ListItem","position":1,"name":"Home","item":"https:\/\/akteon.es\/ca\/"},{"@type":"ListItem","position":2,"name":"Av\u00eds legal"}]},{"@type":"WebSite","@id":"https:\/\/akteon.es\/#website","url":"https:\/\/akteon.es\/","name":"\u00c0kteon","description":"Especialistes en hipoteques","publisher":{"@id":"https:\/\/akteon.es\/#organization"},"potentialAction":[{"@type":"SearchAction","target":{"@type":"EntryPoint","urlTemplate":"https:\/\/akteon.es\/?s={search_term_string}"},"query-input":{"@type":"PropertyValueSpecification","valueRequired":true,"valueName":"search_term_string"}}],"inLanguage":"ca"},{"@type":"Organization","@id":"https:\/\/akteon.es\/#organization","name":"\u00c0kteon","url":"https:\/\/akteon.es\/","logo":{"@type":"ImageObject","inLanguage":"ca","@id":"https:\/\/akteon.es\/#\/schema\/logo\/image\/","url":"https:\/\/akteon.es\/wp-content\/uploads\/2026\/03\/Akteon_normal.svg","contentUrl":"https:\/\/akteon.es\/wp-content\/uploads\/2026\/03\/Akteon_normal.svg","caption":"\u00c0kteon"},"image":{"@id":"https:\/\/akteon.es\/#\/schema\/logo\/image\/"}}]}},"_links":{"self":[{"href":"https:\/\/akteon.es\/ca\/wp-json\/wp\/v2\/pages\/670","targetHints":{"allow":["GET"]}}],"collection":[{"href":"https:\/\/akteon.es\/ca\/wp-json\/wp\/v2\/pages"}],"about":[{"href":"https:\/\/akteon.es\/ca\/wp-json\/wp\/v2\/types\/page"}],"author":[{"embeddable":true,"href":"https:\/\/akteon.es\/ca\/wp-json\/wp\/v2\/users\/1"}],"replies":[{"embeddable":true,"href":"https:\/\/akteon.es\/ca\/wp-json\/wp\/v2\/comments?post=670"}],"version-history":[{"count":2,"href":"https:\/\/akteon.es\/ca\/wp-json\/wp\/v2\/pages\/670\/revisions"}],"predecessor-version":[{"id":672,"href":"https:\/\/akteon.es\/ca\/wp-json\/wp\/v2\/pages\/670\/revisions\/672"}],"wp:attachment":[{"href":"https:\/\/akteon.es\/ca\/wp-json\/wp\/v2\/media?parent=670"}],"curies":[{"name":"wp","href":"https:\/\/api.w.org\/{rel}","templated":true}]}}